{"id":3368,"date":"2021-05-01T01:25:00","date_gmt":"2021-05-01T01:25:00","guid":{"rendered":"https:\/\/fabriciob.ar\/web\/?page_id=3368"},"modified":"2021-05-10T00:08:54","modified_gmt":"2021-05-10T00:08:54","slug":"3368-2","status":"publish","type":"page","link":"https:\/\/fabriciob.ar\/web\/3368-2\/","title":{"rendered":"Tr\u00e1mites Municipales"},"content":{"rendered":"\t\t<div data-elementor-type=\"wp-page\" data-elementor-id=\"3368\" class=\"elementor elementor-3368\" data-elementor-post-type=\"page\">\n\t\t\t\t\t\t<section class=\"elementor-section elementor-top-section elementor-element elementor-element-edd3f9d elementor-section-boxed elementor-section-height-default elementor-section-height-default\" data-id=\"edd3f9d\" data-element_type=\"section\" data-e-type=\"section\">\n\t\t\t\t\t\t<div class=\"elementor-container elementor-column-gap-default\">\n\t\t\t\t\t<div class=\"elementor-column elementor-col-100 elementor-top-column elementor-element elementor-element-47e76af\" data-id=\"47e76af\" data-element_type=\"column\" data-e-type=\"column\">\n\t\t\t<div class=\"elementor-widget-wrap elementor-element-populated\">\n\t\t\t\t\t\t<div class=\"elementor-element elementor-element-c7c946d elementor-widget elementor-widget-heading\" data-id=\"c7c946d\" data-element_type=\"widget\" data-e-type=\"widget\" data-widget_type=\"heading.default\">\n\t\t\t\t<div class=\"elementor-widget-container\">\n\t\t\t\t\t<h3 class=\"elementor-heading-title elementor-size-default\">En esta secci\u00f3n, las y los vecinos de Resistencia podr\u00e1n encontrar <br>de manera f\u00e1cil y detallada, todo lo relacionado <br>a tr\u00e1mites municipales.<\/h3>\t\t\t\t<\/div>\n\t\t\t\t<\/div>\n\t\t\t\t<div class=\"elementor-element elementor-element-c556c18 elementor-widget-divider--view-line elementor-widget elementor-widget-divider\" data-id=\"c556c18\" data-element_type=\"widget\" data-e-type=\"widget\" data-widget_type=\"divider.default\">\n\t\t\t\t<div class=\"elementor-widget-container\">\n\t\t\t\t\t\t\t<div class=\"elementor-divider\">\n\t\t\t<span class=\"elementor-divider-separator\">\n\t\t\t\t\t\t<\/span>\n\t\t<\/div>\n\t\t\t\t\t\t<\/div>\n\t\t\t\t<\/div>\n\t\t\t\t\t<\/div>\n\t\t<\/div>\n\t\t\t\t\t<\/div>\n\t\t<\/section>\n\t\t\t\t<section class=\"elementor-section elementor-top-section elementor-element elementor-element-0ae2f60 elementor-section-boxed elementor-section-height-default elementor-section-height-default\" data-id=\"0ae2f60\" data-element_type=\"section\" data-e-type=\"section\">\n\t\t\t\t\t\t<div class=\"elementor-container elementor-column-gap-default\">\n\t\t\t\t\t<div class=\"elementor-column elementor-col-25 elementor-top-column elementor-element elementor-element-3272782\" data-id=\"3272782\" data-element_type=\"column\" data-e-type=\"column\">\n\t\t\t<div class=\"elementor-widget-wrap elementor-element-populated\">\n\t\t\t\t\t\t<div class=\"elementor-element elementor-element-ece0876 elementor-position-top elementor-widget elementor-widget-image-box\" data-id=\"ece0876\" data-element_type=\"widget\" data-e-type=\"widget\" data-widget_type=\"image-box.default\">\n\t\t\t\t<div class=\"elementor-widget-container\">\n\t\t\t\t\t<div class=\"elementor-image-box-wrapper\"><figure class=\"elementor-image-box-img\"><a href=\"https:\/\/fabriciob.ar\/web\/licencia-nacional-de-conducir\/\" tabindex=\"-1\"><img fetchpriority=\"high\" decoding=\"async\" width=\"300\" height=\"300\" src=\"https:\/\/fabriciob.ar\/web\/wp-content\/uploads\/2021\/04\/licencia-de-conducir-300x300.png\" class=\"attachment-medium size-medium wp-image-3306\" alt=\"\" srcset=\"https:\/\/fabriciob.ar\/web\/wp-content\/uploads\/2021\/04\/licencia-de-conducir-300x300.png 300w, https:\/\/fabriciob.ar\/web\/wp-content\/uploads\/2021\/04\/licencia-de-conducir-150x150.png 150w, https:\/\/fabriciob.ar\/web\/wp-content\/uploads\/2021\/04\/licencia-de-conducir-24x24.png 24w, https:\/\/fabriciob.ar\/web\/wp-content\/uploads\/2021\/04\/licencia-de-conducir-36x36.png 36w, https:\/\/fabriciob.ar\/web\/wp-content\/uploads\/2021\/04\/licencia-de-conducir-48x48.png 48w, https:\/\/fabriciob.ar\/web\/wp-content\/uploads\/2021\/04\/licencia-de-conducir.png 512w\" sizes=\"(max-width: 300px) 100vw, 300px\" \/><\/a><\/figure><div class=\"elementor-image-box-content\"><h3 class=\"elementor-image-box-title\"><a href=\"https:\/\/fabriciob.ar\/web\/licencia-nacional-de-conducir\/\">Licencia de Conducir<\/a><\/h3><\/div><\/div>\t\t\t\t<\/div>\n\t\t\t\t<\/div>\n\t\t\t\t\t<\/div>\n\t\t<\/div>\n\t\t\t\t<div class=\"elementor-column elementor-col-25 elementor-top-column elementor-element elementor-element-f3e4928\" data-id=\"f3e4928\" data-element_type=\"column\" data-e-type=\"column\">\n\t\t\t<div class=\"elementor-widget-wrap elementor-element-populated\">\n\t\t\t\t\t\t<div class=\"elementor-element elementor-element-5d62d28 elementor-position-top elementor-widget elementor-widget-image-box\" data-id=\"5d62d28\" data-element_type=\"widget\" data-e-type=\"widget\" data-widget_type=\"image-box.default\">\n\t\t\t\t<div class=\"elementor-widget-container\">\n\t\t\t\t\t<div class=\"elementor-image-box-wrapper\"><figure class=\"elementor-image-box-img\"><a href=\"https:\/\/fabriciob.ar\/web\/requisitos-para-habilitaciones-comerciales\/\" tabindex=\"-1\"><img decoding=\"async\" width=\"512\" height=\"512\" src=\"https:\/\/fabriciob.ar\/web\/wp-content\/uploads\/2021\/04\/tienda.png\" class=\"attachment-full size-full wp-image-3284\" alt=\"\" srcset=\"https:\/\/fabriciob.ar\/web\/wp-content\/uploads\/2021\/04\/tienda.png 512w, https:\/\/fabriciob.ar\/web\/wp-content\/uploads\/2021\/04\/tienda-300x300.png 300w, https:\/\/fabriciob.ar\/web\/wp-content\/uploads\/2021\/04\/tienda-150x150.png 150w, https:\/\/fabriciob.ar\/web\/wp-content\/uploads\/2021\/04\/tienda-24x24.png 24w, https:\/\/fabriciob.ar\/web\/wp-content\/uploads\/2021\/04\/tienda-36x36.png 36w, https:\/\/fabriciob.ar\/web\/wp-content\/uploads\/2021\/04\/tienda-48x48.png 48w\" sizes=\"(max-width: 512px) 100vw, 512px\" \/><\/a><\/figure><div class=\"elementor-image-box-content\"><h3 class=\"elementor-image-box-title\"><a href=\"https:\/\/fabriciob.ar\/web\/requisitos-para-habilitaciones-comerciales\/\">Habilitaciones Comerciales<\/a><\/h3><p class=\"elementor-image-box-description\">.<\/p><\/div><\/div>\t\t\t\t<\/div>\n\t\t\t\t<\/div>\n\t\t\t\t\t<\/div>\n\t\t<\/div>\n\t\t\t\t<div class=\"elementor-column elementor-col-25 elementor-top-column elementor-element elementor-element-1dd53e8\" data-id=\"1dd53e8\" data-element_type=\"column\" data-e-type=\"column\">\n\t\t\t<div class=\"elementor-widget-wrap elementor-element-populated\">\n\t\t\t\t\t\t<div class=\"elementor-element elementor-element-f46b5e8 elementor-position-top elementor-widget elementor-widget-image-box\" data-id=\"f46b5e8\" data-element_type=\"widget\" data-e-type=\"widget\" data-widget_type=\"image-box.default\">\n\t\t\t\t<div class=\"elementor-widget-container\">\n\t\t\t\t\t<div class=\"elementor-image-box-wrapper\"><figure class=\"elementor-image-box-img\"><a href=\"https:\/\/fabriciob.ar\/web\/3958-2\/\" tabindex=\"-1\"><img decoding=\"async\" width=\"512\" height=\"512\" src=\"https:\/\/fabriciob.ar\/web\/wp-content\/uploads\/2021\/04\/arquitecto.png\" class=\"attachment-full size-full wp-image-3312\" alt=\"\" srcset=\"https:\/\/fabriciob.ar\/web\/wp-content\/uploads\/2021\/04\/arquitecto.png 512w, https:\/\/fabriciob.ar\/web\/wp-content\/uploads\/2021\/04\/arquitecto-300x300.png 300w, https:\/\/fabriciob.ar\/web\/wp-content\/uploads\/2021\/04\/arquitecto-150x150.png 150w, https:\/\/fabriciob.ar\/web\/wp-content\/uploads\/2021\/04\/arquitecto-24x24.png 24w, https:\/\/fabriciob.ar\/web\/wp-content\/uploads\/2021\/04\/arquitecto-36x36.png 36w, https:\/\/fabriciob.ar\/web\/wp-content\/uploads\/2021\/04\/arquitecto-48x48.png 48w\" sizes=\"(max-width: 512px) 100vw, 512px\" \/><\/a><\/figure><div class=\"elementor-image-box-content\"><h3 class=\"elementor-image-box-title\"><a href=\"https:\/\/fabriciob.ar\/web\/3958-2\/\">Regularizaci\u00f3n de Obras<\/a><\/h3><\/div><\/div>\t\t\t\t<\/div>\n\t\t\t\t<\/div>\n\t\t\t\t\t<\/div>\n\t\t<\/div>\n\t\t\t\t<div class=\"elementor-column elementor-col-25 elementor-top-column elementor-element elementor-element-9f4d6d5\" data-id=\"9f4d6d5\" data-element_type=\"column\" data-e-type=\"column\">\n\t\t\t<div class=\"elementor-widget-wrap elementor-element-populated\">\n\t\t\t\t\t\t<div class=\"elementor-element elementor-element-70e045b elementor-position-top elementor-widget elementor-widget-image-box\" data-id=\"70e045b\" data-element_type=\"widget\" data-e-type=\"widget\" data-widget_type=\"image-box.default\">\n\t\t\t\t<div class=\"elementor-widget-container\">\n\t\t\t\t\t<div class=\"elementor-image-box-wrapper\"><figure class=\"elementor-image-box-img\"><a href=\"https:\/\/fabriciob.ar\/web\/3549-2\/\" tabindex=\"-1\"><img loading=\"lazy\" decoding=\"async\" width=\"512\" height=\"512\" src=\"https:\/\/fabriciob.ar\/web\/wp-content\/uploads\/2021\/05\/autobus.png\" class=\"attachment-full size-full wp-image-3366\" alt=\"\" srcset=\"https:\/\/fabriciob.ar\/web\/wp-content\/uploads\/2021\/05\/autobus.png 512w, https:\/\/fabriciob.ar\/web\/wp-content\/uploads\/2021\/05\/autobus-300x300.png 300w, https:\/\/fabriciob.ar\/web\/wp-content\/uploads\/2021\/05\/autobus-150x150.png 150w, https:\/\/fabriciob.ar\/web\/wp-content\/uploads\/2021\/05\/autobus-24x24.png 24w, https:\/\/fabriciob.ar\/web\/wp-content\/uploads\/2021\/05\/autobus-36x36.png 36w, https:\/\/fabriciob.ar\/web\/wp-content\/uploads\/2021\/05\/autobus-48x48.png 48w\" sizes=\"(max-width: 512px) 100vw, 512px\" \/><\/a><\/figure><div class=\"elementor-image-box-content\"><h3 class=\"elementor-image-box-title\"><a href=\"https:\/\/fabriciob.ar\/web\/3549-2\/\">Transporte P\u00fablico <\/a><\/h3><\/div><\/div>\t\t\t\t<\/div>\n\t\t\t\t<\/div>\n\t\t\t\t\t<\/div>\n\t\t<\/div>\n\t\t\t\t\t<\/div>\n\t\t<\/section>\n\t\t\t\t<\/div>\n\t\t","protected":false},"excerpt":{"rendered":"<p>En esta secci\u00f3n, las y los vecinos de Resistencia podr\u00e1n encontrar de manera f\u00e1cil y detallada, todo lo relacionado a tr\u00e1mites municipales. Licencia de Conducir Habilitaciones Comerciales . Regularizaci\u00f3n de Obras Transporte P\u00fablico<\/p>\n","protected":false},"author":3,"featured_media":0,"parent":0,"menu_order":0,"comment_status":"closed","ping_status":"closed","template":"","meta":{"_joinchat":[],"footnotes":""},"class_list":["post-3368","page","type-page","status-publish","hentry"],"yoast_head":"<!-- This site is optimized with the Yoast SEO plugin v27.4 - https:\/\/yoast.com\/product\/yoast-seo-wordpress\/ -->\n<title>Tr\u00e1mites Municipales - Fabricio Bolatti<\/title>\n<meta name=\"robots\" content=\"index, follow, max-snippet:-1, max-image-preview:large, max-video-preview:-1\" \/>\n<link rel=\"canonical\" href=\"https:\/\/fabriciob.ar\/web\/3368-2\/\" \/>\n<meta property=\"og:locale\" content=\"es_ES\" \/>\n<meta property=\"og:type\" content=\"article\" \/>\n<meta property=\"og:title\" content=\"Tr\u00e1mites Municipales - Fabricio Bolatti\" \/>\n<meta property=\"og:description\" content=\"En esta secci\u00f3n, las y los vecinos de Resistencia podr\u00e1n encontrar de manera f\u00e1cil y detallada, todo lo relacionado a tr\u00e1mites municipales. Licencia de Conducir Habilitaciones Comerciales . Regularizaci\u00f3n de Obras Transporte P\u00fablico\" \/>\n<meta property=\"og:url\" content=\"https:\/\/fabriciob.ar\/web\/3368-2\/\" \/>\n<meta property=\"og:site_name\" content=\"Fabricio Bolatti\" \/>\n<meta property=\"article:publisher\" content=\"https:\/\/www.facebook.com\/fabriciobolattiK\/\" \/>\n<meta property=\"article:modified_time\" content=\"2021-05-10T00:08:54+00:00\" \/>\n<meta property=\"og:image\" content=\"https:\/\/fabriciob.ar\/web\/wp-content\/uploads\/2021\/04\/licencia-de-conducir-300x300.png\" \/>\n<meta name=\"twitter:card\" content=\"summary_large_image\" \/>\n<meta name=\"twitter:site\" content=\"@fabriciobolatti\" \/>\n<script type=\"application\/ld+json\" class=\"yoast-schema-graph\">{\"@context\":\"https:\\\/\\\/schema.org\",\"@graph\":[{\"@type\":\"WebPage\",\"@id\":\"https:\\\/\\\/fabriciob.ar\\\/web\\\/3368-2\\\/\",\"url\":\"https:\\\/\\\/fabriciob.ar\\\/web\\\/3368-2\\\/\",\"name\":\"Tr\u00e1mites Municipales - Fabricio Bolatti\",\"isPartOf\":{\"@id\":\"https:\\\/\\\/fabriciob.ar\\\/web\\\/#website\"},\"primaryImageOfPage\":{\"@id\":\"https:\\\/\\\/fabriciob.ar\\\/web\\\/3368-2\\\/#primaryimage\"},\"image\":{\"@id\":\"https:\\\/\\\/fabriciob.ar\\\/web\\\/3368-2\\\/#primaryimage\"},\"thumbnailUrl\":\"https:\\\/\\\/fabriciob.ar\\\/web\\\/wp-content\\\/uploads\\\/2021\\\/04\\\/licencia-de-conducir-300x300.png\",\"datePublished\":\"2021-05-01T01:25:00+00:00\",\"dateModified\":\"2021-05-10T00:08:54+00:00\",\"breadcrumb\":{\"@id\":\"https:\\\/\\\/fabriciob.ar\\\/web\\\/3368-2\\\/#breadcrumb\"},\"inLanguage\":\"es\",\"potentialAction\":[{\"@type\":\"ReadAction\",\"target\":[\"https:\\\/\\\/fabriciob.ar\\\/web\\\/3368-2\\\/\"]}]},{\"@type\":\"ImageObject\",\"inLanguage\":\"es\",\"@id\":\"https:\\\/\\\/fabriciob.ar\\\/web\\\/3368-2\\\/#primaryimage\",\"url\":\"https:\\\/\\\/fabriciob.ar\\\/web\\\/wp-content\\\/uploads\\\/2021\\\/04\\\/licencia-de-conducir.png\",\"contentUrl\":\"https:\\\/\\\/fabriciob.ar\\\/web\\\/wp-content\\\/uploads\\\/2021\\\/04\\\/licencia-de-conducir.png\",\"width\":512,\"height\":512,\"caption\":\"Licencia de Conducir\"},{\"@type\":\"BreadcrumbList\",\"@id\":\"https:\\\/\\\/fabriciob.ar\\\/web\\\/3368-2\\\/#breadcrumb\",\"itemListElement\":[{\"@type\":\"ListItem\",\"position\":1,\"name\":\"Portada\",\"item\":\"https:\\\/\\\/fabriciob.ar\\\/web\\\/\"},{\"@type\":\"ListItem\",\"position\":2,\"name\":\"Tr\u00e1mites Municipales\"}]},{\"@type\":\"WebSite\",\"@id\":\"https:\\\/\\\/fabriciob.ar\\\/web\\\/#website\",\"url\":\"https:\\\/\\\/fabriciob.ar\\\/web\\\/\",\"name\":\"Fabricio Bolatti\",\"description\":\"Sitio Oficial-Comunicaci\u00f3n institucional de la gesti\u00f3n legislativa del concejal Fabricio Bolatti con los vecinos y vecinas de la ciudad de Resistencia\",\"publisher\":{\"@id\":\"https:\\\/\\\/fabriciob.ar\\\/web\\\/#organization\"},\"potentialAction\":[{\"@type\":\"SearchAction\",\"target\":{\"@type\":\"EntryPoint\",\"urlTemplate\":\"https:\\\/\\\/fabriciob.ar\\\/web\\\/?s={search_term_string}\"},\"query-input\":{\"@type\":\"PropertyValueSpecification\",\"valueRequired\":true,\"valueName\":\"search_term_string\"}}],\"inLanguage\":\"es\"},{\"@type\":\"Organization\",\"@id\":\"https:\\\/\\\/fabriciob.ar\\\/web\\\/#organization\",\"name\":\"Fabricio Bolatti-Sitio Oficial\",\"url\":\"https:\\\/\\\/fabriciob.ar\\\/web\\\/\",\"logo\":{\"@type\":\"ImageObject\",\"inLanguage\":\"es\",\"@id\":\"https:\\\/\\\/fabriciob.ar\\\/web\\\/#\\\/schema\\\/logo\\\/image\\\/\",\"url\":\"https:\\\/\\\/fabriciob.ar\\\/web\\\/wp-content\\\/uploads\\\/2020\\\/12\\\/cropped-fb-en-el-concejo-a-red-2-1.png\",\"contentUrl\":\"https:\\\/\\\/fabriciob.ar\\\/web\\\/wp-content\\\/uploads\\\/2020\\\/12\\\/cropped-fb-en-el-concejo-a-red-2-1.png\",\"width\":512,\"height\":512,\"caption\":\"Fabricio Bolatti-Sitio Oficial\"},\"image\":{\"@id\":\"https:\\\/\\\/fabriciob.ar\\\/web\\\/#\\\/schema\\\/logo\\\/image\\\/\"},\"sameAs\":[\"https:\\\/\\\/www.facebook.com\\\/fabriciobolattiK\\\/\",\"https:\\\/\\\/x.com\\\/fabriciobolatti\",\"https:\\\/\\\/www.instagram.com\\\/fabriciobolatti\\\/?igshid=7ztsgzj0mwql\",\"https:\\\/\\\/www.youtube.com\\\/channel\\\/UCWLMPKJZG1JgX9U29Pra3ng\"]}]}<\/script>\n<!-- \/ Yoast SEO plugin. -->","yoast_head_json":{"title":"Tr\u00e1mites Municipales - Fabricio Bolatti","robots":{"index":"index","follow":"follow","max-snippet":"max-snippet:-1","max-image-preview":"max-image-preview:large","max-video-preview":"max-video-preview:-1"},"canonical":"https:\/\/fabriciob.ar\/web\/3368-2\/","og_locale":"es_ES","og_type":"article","og_title":"Tr\u00e1mites Municipales - Fabricio Bolatti","og_description":"En esta secci\u00f3n, las y los vecinos de Resistencia podr\u00e1n encontrar de manera f\u00e1cil y detallada, todo lo relacionado a tr\u00e1mites municipales. Licencia de Conducir Habilitaciones Comerciales . Regularizaci\u00f3n de Obras Transporte P\u00fablico","og_url":"https:\/\/fabriciob.ar\/web\/3368-2\/","og_site_name":"Fabricio Bolatti","article_publisher":"https:\/\/www.facebook.com\/fabriciobolattiK\/","article_modified_time":"2021-05-10T00:08:54+00:00","og_image":[{"url":"https:\/\/fabriciob.ar\/web\/wp-content\/uploads\/2021\/04\/licencia-de-conducir-300x300.png","type":"","width":"","height":""}],"twitter_card":"summary_large_image","twitter_site":"@fabriciobolatti","schema":{"@context":"https:\/\/schema.org","@graph":[{"@type":"WebPage","@id":"https:\/\/fabriciob.ar\/web\/3368-2\/","url":"https:\/\/fabriciob.ar\/web\/3368-2\/","name":"Tr\u00e1mites Municipales - Fabricio Bolatti","isPartOf":{"@id":"https:\/\/fabriciob.ar\/web\/#website"},"primaryImageOfPage":{"@id":"https:\/\/fabriciob.ar\/web\/3368-2\/#primaryimage"},"image":{"@id":"https:\/\/fabriciob.ar\/web\/3368-2\/#primaryimage"},"thumbnailUrl":"https:\/\/fabriciob.ar\/web\/wp-content\/uploads\/2021\/04\/licencia-de-conducir-300x300.png","datePublished":"2021-05-01T01:25:00+00:00","dateModified":"2021-05-10T00:08:54+00:00","breadcrumb":{"@id":"https:\/\/fabriciob.ar\/web\/3368-2\/#breadcrumb"},"inLanguage":"es","potentialAction":[{"@type":"ReadAction","target":["https:\/\/fabriciob.ar\/web\/3368-2\/"]}]},{"@type":"ImageObject","inLanguage":"es","@id":"https:\/\/fabriciob.ar\/web\/3368-2\/#primaryimage","url":"https:\/\/fabriciob.ar\/web\/wp-content\/uploads\/2021\/04\/licencia-de-conducir.png","contentUrl":"https:\/\/fabriciob.ar\/web\/wp-content\/uploads\/2021\/04\/licencia-de-conducir.png","width":512,"height":512,"caption":"Licencia de Conducir"},{"@type":"BreadcrumbList","@id":"https:\/\/fabriciob.ar\/web\/3368-2\/#breadcrumb","itemListElement":[{"@type":"ListItem","position":1,"name":"Portada","item":"https:\/\/fabriciob.ar\/web\/"},{"@type":"ListItem","position":2,"name":"Tr\u00e1mites Municipales"}]},{"@type":"WebSite","@id":"https:\/\/fabriciob.ar\/web\/#website","url":"https:\/\/fabriciob.ar\/web\/","name":"Fabricio Bolatti","description":"Sitio Oficial-Comunicaci\u00f3n institucional de la gesti\u00f3n legislativa del concejal Fabricio Bolatti con los vecinos y vecinas de la ciudad de Resistencia","publisher":{"@id":"https:\/\/fabriciob.ar\/web\/#organization"},"potentialAction":[{"@type":"SearchAction","target":{"@type":"EntryPoint","urlTemplate":"https:\/\/fabriciob.ar\/web\/?s={search_term_string}"},"query-input":{"@type":"PropertyValueSpecification","valueRequired":true,"valueName":"search_term_string"}}],"inLanguage":"es"},{"@type":"Organization","@id":"https:\/\/fabriciob.ar\/web\/#organization","name":"Fabricio Bolatti-Sitio Oficial","url":"https:\/\/fabriciob.ar\/web\/","logo":{"@type":"ImageObject","inLanguage":"es","@id":"https:\/\/fabriciob.ar\/web\/#\/schema\/logo\/image\/","url":"https:\/\/fabriciob.ar\/web\/wp-content\/uploads\/2020\/12\/cropped-fb-en-el-concejo-a-red-2-1.png","contentUrl":"https:\/\/fabriciob.ar\/web\/wp-content\/uploads\/2020\/12\/cropped-fb-en-el-concejo-a-red-2-1.png","width":512,"height":512,"caption":"Fabricio Bolatti-Sitio Oficial"},"image":{"@id":"https:\/\/fabriciob.ar\/web\/#\/schema\/logo\/image\/"},"sameAs":["https:\/\/www.facebook.com\/fabriciobolattiK\/","https:\/\/x.com\/fabriciobolatti","https:\/\/www.instagram.com\/fabriciobolatti\/?igshid=7ztsgzj0mwql","https:\/\/www.youtube.com\/channel\/UCWLMPKJZG1JgX9U29Pra3ng"]}]}},"_links":{"self":[{"href":"https:\/\/fabriciob.ar\/web\/wp-json\/wp\/v2\/pages\/3368","targetHints":{"allow":["GET"]}}],"collection":[{"href":"https:\/\/fabriciob.ar\/web\/wp-json\/wp\/v2\/pages"}],"about":[{"href":"https:\/\/fabriciob.ar\/web\/wp-json\/wp\/v2\/types\/page"}],"author":[{"embeddable":true,"href":"https:\/\/fabriciob.ar\/web\/wp-json\/wp\/v2\/users\/3"}],"replies":[{"embeddable":true,"href":"https:\/\/fabriciob.ar\/web\/wp-json\/wp\/v2\/comments?post=3368"}],"version-history":[{"count":1,"href":"https:\/\/fabriciob.ar\/web\/wp-json\/wp\/v2\/pages\/3368\/revisions"}],"predecessor-version":[{"id":9538,"href":"https:\/\/fabriciob.ar\/web\/wp-json\/wp\/v2\/pages\/3368\/revisions\/9538"}],"wp:attachment":[{"href":"https:\/\/fabriciob.ar\/web\/wp-json\/wp\/v2\/media?parent=3368"}],"curies":[{"name":"wp","href":"https:\/\/api.w.org\/{rel}","templated":true}]}}